{"id":12352,"date":"2023-04-20T12:18:37","date_gmt":"2023-04-20T10:18:37","guid":{"rendered":"https:\/\/fris.nl\/?page_id=12352"},"modified":"2024-03-01T15:45:22","modified_gmt":"2024-03-01T14:45:22","slug":"vermietung-meiner-geschaeftsimmobilie","status":"publish","type":"page","link":"https:\/\/fris.nl\/de\/gewerbliche-immobilie\/vermietung-meiner-geschaeftsimmobilie\/","title":{"rendered":"Vermietung meiner Gesch\u00e4ftsimmobilie"},"content":{"rendered":"<section class=\"section half-hero darkblue dark visible\">\n    <div class=\"bg section-bg fill bg-fill bg-loaded\" style=\"background-image: url('https:\/\/fris.nl\/wp-content\/uploads\/2023\/07\/DSC06223-bedrijfsmatig-scaled.jpg'); background-position: 0% 19% !important;\"><\/div>\n    <div class=\"section-content relative\">\n        <div class=\"row\" id=\"row-1299773279\">\n            <div class=\"col medium-12 small-12 large-12 image-col\" style=\"background-image: url('https:\/\/fris.nl\/wp-content\/uploads\/2023\/07\/DSC06223-bedrijfsmatig-scaled.jpg');\"><\/div>\n            \n\t<div id=\"col-190525082\" class=\"col contentarea medium-12 small-12 large-4\"  data-animate=\"fadeInUp\">\n\t\t\t\t<div class=\"col-inner\"  >\n\t\t\t\n\t\t\t\n                <div class=\"col-inner\">\n                    <div id=\"gap-866866620\" class=\"gap-element clearfix\" style=\"display:block; height:auto; padding-top: 40px;\"><\/div>\n                    <h1>Vermietung&nbsp;meiner <span style=\"text-decoration: underline;\">Gesch\u00e4ftsimmobilie<\/span><\/h1>\n                    <content><\/content>\n                    \n\n                    <ul class=\"jumptoitems\"><\/ul>\n                <\/div>\n            \t\t<\/div>\n\t\t\t\t\t<\/div>\n\n\t\n        <\/div>\n    <\/div>\n<\/section>\n<div class=\"gap-element clearfix hide-for-medium\" style=\"display:block; height:auto; padding-top: 50px;\"><\/div>\n<span class=\"scroll-to\" data-label=\"Scroll to: #Sorgenfrei-Immobilien-vermieten\" data-bullet=\"false\" data-link=\"#Sorgenfrei-Immobilien-vermieten\" data-title=\"Sorgenfrei Immobilien vermieten\"><a name=\"Sorgenfrei-Immobilien-vermieten\"><\/a><\/span><section class=\"section image-text image-text-right red visible\">\n    <div class=\"bg section-bg fill bg-fill bg-loaded\">\n    <\/div>\n    <div class=\"section-content relative\">        \n        <div class=\"row row-large align-center align-middle\">\n            <div id=\"col-2\" class=\"col medium-12 small-10 large-6 medium-col-first\">\n                <div class=\"col-inner\">\n                    <div class=\"img has-hover x md-x lg-x y md-y lg-y\" style=\"width: 100%;\">\n                        <div class=\"img-inner radius dark\">\n                            <img loading=\"lazy\" decoding=\"async\" width=\"1020\" height=\"680\" src=\"https:\/\/fris.nl\/wp-content\/uploads\/2023\/04\/STOCK_bedrijfsmakelaarsDSC07816-LR-1024x683.jpg\" class=\"attachment-large size-large\" alt=\"Sorgenfrei Immobilien vermieten\" title=\"Sorgenfrei Immobilien vermieten\" srcset=\"https:\/\/fris.nl\/wp-content\/uploads\/2023\/04\/STOCK_bedrijfsmakelaarsDSC07816-LR-1024x683.jpg 1024w, https:\/\/fris.nl\/wp-content\/uploads\/2023\/04\/STOCK_bedrijfsmakelaarsDSC07816-LR-300x200.jpg 300w, https:\/\/fris.nl\/wp-content\/uploads\/2023\/04\/STOCK_bedrijfsmakelaarsDSC07816-LR-768x512.jpg 768w, https:\/\/fris.nl\/wp-content\/uploads\/2023\/04\/STOCK_bedrijfsmakelaarsDSC07816-LR-1536x1024.jpg 1536w, https:\/\/fris.nl\/wp-content\/uploads\/2023\/04\/STOCK_bedrijfsmakelaarsDSC07816-LR-2048x1366.jpg 2048w\" sizes=\"auto, (max-width: 1020px) 100vw, 1020px\" \/>\n                        <\/div>\n                    <\/div>\n                <\/div>\n            <\/div> \n            <div class=\"col text-col medium-12 small-12 large-6\">\n                <div class=\"col-inner\">\n                    <h3 title=\"Sorgenfrei Immobilien vermieten\">Sorgenfrei Immobilien vermieten<\/h3>\n                    \n<p>Bei der Vermietung Ihrer Immobilie m\u00f6chten Sie am liebsten mit einem zuverl\u00e4ssigen und erfahrenen Partner zusammenarbeiten, oder? Ein Partner, an den Sie Ihre t\u00e4glichen Belastungen auslagern k\u00f6nnen, der f\u00fcr zufriedene Mieter sorgt und eine gute Rendite erzielt. Dann ist FRIS der richtige Partner. In den letzten 100 Jahren haben wir ein millionenschweres Portfolio aufgebaut. Wir helfen Ihnen bei Verwaltung, Bauaspekten, Werbung, Marketing und sorgen f\u00fcr eine Willkommensatmosph\u00e4re. Gemeinsam machen wir Ihre Immobilie zum Erfolg.<\/p>\n\n                    \n                <\/div>\n            <\/div>       \n        <\/div>\n        <div class=\"gap-element clearfix hide-for-medium\" style=\"display:block; height:auto; padding-top: 30px;\"><\/div>\n    <\/div>\n<\/section>\n<span class=\"scroll-to\" data-label=\"Scroll to: #Verwaltung-in-allen-Bereichen\" data-bullet=\"false\" data-link=\"#Verwaltung-in-allen-Bereichen\" data-title=\"Verwaltung in allen Bereichen\"><a name=\"Verwaltung-in-allen-Bereichen\"><\/a><\/span><section class=\"section focus-section red visible light-2\">\n    <div class=\"bg section-bg fill bg-fill bg-loaded\">\n    <\/div>\n    <div class=\"section-content relative\">\n        <div class=\"gap-element clearfix\" style=\"display:block; height:auto; padding-top: 80px;\"><\/div>\n        <div class=\"row align-center\">\n            <div class=\"col medium-10 small-12 large-10\">\n                <div class=\"col-inner\">\n                    <div class=\"text\" style=\"text-align: center;\">\n                        <h2> VERWALTUNG IN ALLEN BEREICHEN<\/h2>\n                    <\/div>\n                <\/div>\n            <\/div>\n        <\/div>\n        <div class=\"gap-element clearfix\" style=\"display:block; height:auto; padding-top: 30px;\"><\/div>\n        <div class=\"row align-left focus-items\" id=\"row-920137982\">\n            <content><\/content>\n            \n<div class=\"col medium-6 small-12 large-3  visible {{ shortcode.options.visibility }}\">\n    <div class=\"col-inner\">\n        <div class=\"text\">\n            \n            <h3> Verwaltung<\/h3>\n            \n<ul>\n<li>Mietzahlungen einziehen<\/li>\n<li>Rechnungen verarbeiten<\/li>\n<li>Kundenzufriedenheitsuntersuchung<\/li>\n<\/ul>\n\n            \n        <\/div>\n\n    <\/div>\n<\/div>\n<div class=\"col medium-6 small-12 large-3  visible {{ shortcode.options.visibility }}\">\n    <div class=\"col-inner\">\n        <div class=\"text\">\n            \n            <h3> Technik<\/h3>\n            \n<ul>\n<li>T\u00e4gliche &amp; planm\u00e4\u00dfige Instandhaltung<\/li>\n<li>Qualit\u00e4tskontrollen<\/li>\n<li>Beratung und Berichterstattung zu baulichen \u00c4nderungen<\/li>\n<li>Feste Ansprechpartner f\u00fcr Mieter &amp; Kunden<\/li>\n<\/ul>\n\n            \n        <\/div>\n\n    <\/div>\n<\/div>\n<div class=\"col medium-6 small-12 large-3  visible {{ shortcode.options.visibility }}\">\n    <div class=\"col-inner\">\n        <div class=\"text\">\n            \n            <h3> Gewerblich<\/h3>\n            \n<ul>\n<li>Mietpreise festlegen<\/li>\n<li>F\u00f6rderung und Vermarktung von Mietobjekten und Gewerbeimmobilien<\/li>\n<li>Allgemeine und Einkommenspr\u00fcfung aktueller und neuer Mieter<\/li>\n<li>Zielgruppenanalysen<\/li>\n<\/ul>\n\n            \n        <\/div>\n\n    <\/div>\n<\/div>\n<div class=\"col medium-6 small-12 large-3  visible {{ shortcode.options.visibility }}\">\n    <div class=\"col-inner\">\n        <div class=\"text\">\n            \n            <h3> Gemeinschaftspflege<\/h3>\n            \n<ul>\n<li>Beratung beim Aufbau einer Gemeinschaft<\/li>\n<li>Entlastende Dienstleistungen f\u00fcr Mieter<\/li>\n<\/ul>\n\n            \n        <\/div>\n\n    <\/div>\n<\/div>\n\n        <\/div>\n        <div class=\"gap-element clearfix\" style=\"display:block; height:auto; padding-top: 50px;\"><\/div>\n    <\/div>\n<\/section>\n<div class=\"gap-element clearfix hide-for-medium\" style=\"display:block; height:auto; padding-top: 50px;\"><\/div>\n<span class=\"scroll-to\" data-label=\"Scroll to: #Maximierung-der-Mieteinnahmen\" data-bullet=\"false\" data-link=\"#Maximierung-der-Mieteinnahmen\" data-title=\"Maximierung der Mieteinnahmen\"><a name=\"Maximierung-der-Mieteinnahmen\"><\/a><\/span><section class=\"section image-text image-text-left red visible\">\n    <div class=\"bg section-bg fill bg-fill bg-loaded\">\n    <\/div>\n    <div class=\"section-content relative\">\n        <div class=\"row row-large align-center align-middle\">\n            <div class=\"col text-col medium-12 small-12 large-6\">\n                <div class=\"col-inner\">\n                    <h3 title=\"Maximierung der Mieteinnahmen\">Maximierung der Mieteinnahmen<\/h3>\n                    \n<p>Um unerwartete Kosten zu vermeiden, k\u00f6nnen wir ein Instandhaltungsbudget f\u00fcr Ihre Immobilien erstellen, damit Sie wissen, was Sie in Zukunft reservieren m\u00fcssen. Dar\u00fcber hinaus \u00fcberwachen wir kontinuierlich die wichtigsten Vermietungsaspekte. Denken Sie beispielsweise an eine vorbeugende und verantwortungsvolle technische Wartung. So beugen wir Problemen vor und tragen zur Maximierung der Mieteinnahmen bei.<\/p>\n\n                    \n                <\/div>\n            <\/div>\n            <div id=\"col-2\" class=\"col medium-12 small-10 large-6 medium-col-first\">\n                <div class=\"col-inner\">\n                    <div class=\"img has-hover x md-x lg-x y md-y lg-y\" style=\"width: 100%;\">\n                        <div class=\"img-inner radius dark\">\n                            <img loading=\"lazy\" decoding=\"async\" width=\"1020\" height=\"680\" src=\"https:\/\/fris.nl\/wp-content\/uploads\/2023\/07\/DSC06132-bedrijfsmatig-scaled-1024x683.jpg\" class=\"attachment-large size-large\" alt=\"Maximierung der Mieteinnahmen\" title=\"Maximierung der Mieteinnahmen\" srcset=\"https:\/\/fris.nl\/wp-content\/uploads\/2023\/07\/DSC06132-bedrijfsmatig-scaled-1024x683.jpg 1024w, https:\/\/fris.nl\/wp-content\/uploads\/2023\/07\/DSC06132-bedrijfsmatig-scaled-300x200.jpg 300w, https:\/\/fris.nl\/wp-content\/uploads\/2023\/07\/DSC06132-bedrijfsmatig-scaled-768x512.jpg 768w, https:\/\/fris.nl\/wp-content\/uploads\/2023\/07\/DSC06132-bedrijfsmatig-scaled-1536x1024.jpg 1536w, https:\/\/fris.nl\/wp-content\/uploads\/2023\/07\/DSC06132-bedrijfsmatig-scaled-2048x1366.jpg 2048w\" sizes=\"auto, (max-width: 1020px) 100vw, 1020px\" \/>\n                        <\/div>\n                    <\/div>\n                <\/div>\n            <\/div>        \n        <\/div>\n        <div class=\"gap-element clearfix hide-for-medium\" style=\"display:block; height:auto; padding-top: 30px;\"><\/div>\n    <\/div>\n<\/section>\n<section class=\"section single-text  blue visible dark-2\">\n    <div class=\"bg section-bg fill bg-fill bg-loaded\">\n    <\/div>\n    <div class=\"section-content relative\">\n        <div class=\"gap-element clearfix hide-for-medium\" style=\"display:block; height:auto; padding-top: 50px;\"><\/div>\n        <div class=\"row row-large align-center align-middle\">\n            <div class=\"col text-col medium-12 small-12 large-9 text-center\">\n                <div class=\"col-inner\">\n                    <h2 title=\"IHRE IMMOBILIE VERMIETEN?\" class=\"text-center\">IHRE IMMOBILIE VERMIETEN?<\/h2>\n<a href=\"mailto:m.vankampen@fris.nl\" target=\"_blank\" class=\"button primary\" rel=\"noopener\" >\n\t\t<span>ja gerne<\/span>\n\t<\/a>\n\n                <\/div>\n            <\/div>     \n        <\/div>\n        <div class=\"gap-element clearfix hide-for-medium\" style=\"display:block; height:auto; padding-top: 30px;\"><\/div>\n    <\/div>\n<\/section>\n<div class=\"gap-element clearfix hide-for-medium\" style=\"display:block; height:auto; padding-top: 50px;\"><\/div>\n<span class=\"scroll-to\" data-label=\"Scroll to: #Verl\u00e4ngerung-von-Mietvertr\u00e4gen\" data-bullet=\"false\" data-link=\"#Verl\u00e4ngerung-von-Mietvertr\u00e4gen\" data-title=\"Verl\u00e4ngerung von Mietvertr\u00e4gen\"><a name=\"Verl\u00e4ngerung-von-Mietvertr\u00e4gen\"><\/a><\/span><section class=\"section image-text image-text-right red visible\">\n    <div class=\"bg section-bg fill bg-fill bg-loaded\">\n    <\/div>\n    <div class=\"section-content relative\">        \n        <div class=\"row row-large align-center align-middle\">\n            <div id=\"col-2\" class=\"col medium-12 small-10 large-6 medium-col-first\">\n                <div class=\"col-inner\">\n                    <div class=\"img has-hover x md-x lg-x y md-y lg-y\" style=\"width: 100%;\">\n                        <div class=\"img-inner radius dark\">\n                            <img loading=\"lazy\" decoding=\"async\" width=\"1020\" height=\"680\" src=\"https:\/\/fris.nl\/wp-content\/uploads\/2023\/07\/J9A9818-bedrijfsmatig-1024x683.jpg\" class=\"attachment-large size-large\" alt=\"Verl\u00e4ngerung von Mietvertr\u00e4gen\" title=\"Verl\u00e4ngerung von Mietvertr\u00e4gen\" srcset=\"https:\/\/fris.nl\/wp-content\/uploads\/2023\/07\/J9A9818-bedrijfsmatig-1024x683.jpg 1024w, https:\/\/fris.nl\/wp-content\/uploads\/2023\/07\/J9A9818-bedrijfsmatig-300x200.jpg 300w, https:\/\/fris.nl\/wp-content\/uploads\/2023\/07\/J9A9818-bedrijfsmatig-768x512.jpg 768w, https:\/\/fris.nl\/wp-content\/uploads\/2023\/07\/J9A9818-bedrijfsmatig-1536x1024.jpg 1536w, https:\/\/fris.nl\/wp-content\/uploads\/2023\/07\/J9A9818-bedrijfsmatig-2048x1366.jpg 2048w\" sizes=\"auto, (max-width: 1020px) 100vw, 1020px\" \/>\n                        <\/div>\n                    <\/div>\n                <\/div>\n            <\/div> \n            <div class=\"col text-col medium-12 small-12 large-6\">\n                <div class=\"col-inner\">\n                    <h3 title=\"Verl\u00e4ngerung von Mietvertr\u00e4gen\">Verl\u00e4ngerung von Mietvertr\u00e4gen<\/h3>\n                    \n<p>Damit Sie sich auf Ihr eigenes Gesch\u00e4ft konzentrieren k\u00f6nnen, bieten wir auch Hilfe bei der Erneuerung und Verl\u00e4ngerung von Mietvertr\u00e4gen an. Dar\u00fcber hinaus arbeiten wir mit einem sogenannten Mieterbindungsprogramm, das hei\u00dft, es gibt viele garantierte Kontaktmomente mit Mietern. Das bedeutet, dass Sie bei uns weniger Mieterwechsel, weniger Kosten und weniger Leerstand haben. Kurz gesagt: eine h\u00f6here Rendite Ihrer Investition.<\/p>\n\n                    \n                <\/div>\n            <\/div>       \n        <\/div>\n        <div class=\"gap-element clearfix hide-for-medium\" style=\"display:block; height:auto; padding-top: 30px;\"><\/div>\n    <\/div>\n<\/section>\n<span class=\"scroll-to\" data-label=\"Scroll to: #Erfolgreiche-Vermietungsauftr\u00e4ge\" data-bullet=\"false\" data-link=\"#Erfolgreiche-Vermietungsauftr\u00e4ge\" data-title=\"Erfolgreiche Vermietungsauftr\u00e4ge\"><a name=\"Erfolgreiche-Vermietungsauftr\u00e4ge\"><\/a><\/span><section class=\"section image-text image-text-left red visible\">\n    <div class=\"bg section-bg fill bg-fill bg-loaded\">\n    <\/div>\n    <div class=\"section-content relative\">\n        <div class=\"row row-large align-center align-middle\">\n            <div class=\"col text-col medium-12 small-12 large-6\">\n                <div class=\"col-inner\">\n                    <h3 title=\"Erfolgreiche Vermietungsauftr\u00e4ge\">Erfolgreiche Vermietungsauftr\u00e4ge<\/h3>\n                    \n<p>In den letzten Jahren hat FRIS eine Vielzahl erfolgreicher Vermietungsauftr\u00e4ge in und um Amsterdam abgeschlossen. Transparente, freundliche und schnelle Kommunikation: Das k\u00f6nnen Sie von uns erwarten. Und dank einer straffen Organisation, Robotisierung und Automatisierung haben Sie rund um die Uhr Zugriff auf Ihr Portfolio. Immer und \u00fcberall.<\/p>\n\n                    \n                <\/div>\n            <\/div>\n            <div id=\"col-2\" class=\"col medium-12 small-10 large-6 medium-col-first\">\n                <div class=\"col-inner\">\n                    <div class=\"img has-hover x md-x lg-x y md-y lg-y\" style=\"width: 100%;\">\n                        <div class=\"img-inner radius dark\">\n                            <img loading=\"lazy\" decoding=\"async\" width=\"1020\" height=\"680\" src=\"https:\/\/fris.nl\/wp-content\/uploads\/2023\/07\/DSC02764-1024x683.jpg\" class=\"attachment-large size-large\" alt=\"Erfolgreiche Vermietungsauftr\u00e4ge\" title=\"Erfolgreiche Vermietungsauftr\u00e4ge\" srcset=\"https:\/\/fris.nl\/wp-content\/uploads\/2023\/07\/DSC02764-1024x683.jpg 1024w, https:\/\/fris.nl\/wp-content\/uploads\/2023\/07\/DSC02764-300x200.jpg 300w, https:\/\/fris.nl\/wp-content\/uploads\/2023\/07\/DSC02764-768x512.jpg 768w, https:\/\/fris.nl\/wp-content\/uploads\/2023\/07\/DSC02764-1536x1024.jpg 1536w, https:\/\/fris.nl\/wp-content\/uploads\/2023\/07\/DSC02764-2048x1366.jpg 2048w\" sizes=\"auto, (max-width: 1020px) 100vw, 1020px\" \/>\n                        <\/div>\n                    <\/div>\n                <\/div>\n            <\/div>        \n        <\/div>\n        <div class=\"gap-element clearfix hide-for-medium\" style=\"display:block; height:auto; padding-top: 30px;\"><\/div>\n    <\/div>\n<\/section>\n<section class=\"section cta-1 blue dark visible nolines\">\n    <div class=\"bg section-bg fill bg-fill bg-loaded\" style=\"background-image: url('https:\/\/fris.nl\/wp-content\/uploads\/2023\/07\/Marc-van-Kampen-bedrijfsmatig.jpg'); background-position: 0% 33% !important;\"><\/div>\n    <div class=\"section-content relative\">\n        <div class=\"row\" id=\"row-1299773279\">\n            <div class=\"col medium-12 small-12 large-12 image-col\" style=\"background-image: url('https:\/\/fris.nl\/wp-content\/uploads\/2023\/07\/Marc-van-Kampen-bedrijfsmatig.jpg');\"><\/div>\n            <div class=\"col medium-12 small-12 large-4 content-col\">\n                <div class=\"col-inner\">\n                    <div id=\"gap-866866620\" class=\"gap-element clearfix\" style=\"display:block; height:auto; padding-top: 40px;\"><\/div>\n                    <h2>Marc&nbsp;van&nbsp;Kampen <span style=\"text-decoration: underline;\">immer<\/span> f\u00fcr sie da<\/h2>\n                    <content><\/content>\n                    \n\n                    <a href=\"mailto:m.vankampen@fris.nl\" target=\"_blank\" class=\"button primary\" rel=\"noopener\" >\n\t\t<span>kontakt<\/span>\n\t<\/a>\n\n                <\/div>\n            <\/div>\n        <\/div>\n    <\/div>\n<\/section>\n","protected":false},"excerpt":{"rendered":"","protected":false},"author":1,"featured_media":0,"parent":12281,"menu_order":8,"comment_status":"closed","ping_status":"closed","template":"page-blank.php","meta":{"_acf_changed":false,"footnotes":""},"class_list":["post-12352","page","type-page","status-publish","hentry"],"acf":[],"yoast_head":"<!-- This site is optimized with the Yoast SEO plugin v27.4 - https:\/\/yoast.com\/product\/yoast-seo-wordpress\/ -->\n<title>Vermietung meiner Gesch\u00e4ftsimmobilie - Fris Real People<\/title>\n<meta name=\"robots\" content=\"index, follow, max-snippet:-1, max-image-preview:large, max-video-preview:-1\" \/>\n<link rel=\"canonical\" href=\"https:\/\/fris.nl\/de\/gewerbliche-immobilie\/vermietung-meiner-geschaeftsimmobilie\/\" \/>\n<meta property=\"og:locale\" content=\"de_DE\" \/>\n<meta property=\"og:type\" content=\"article\" \/>\n<meta property=\"og:title\" content=\"Vermietung meiner Gesch\u00e4ftsimmobilie - Fris Real People\" \/>\n<meta property=\"og:url\" content=\"https:\/\/fris.nl\/de\/gewerbliche-immobilie\/vermietung-meiner-geschaeftsimmobilie\/\" \/>\n<meta property=\"og:site_name\" content=\"Fris Real People\" \/>\n<meta property=\"article:publisher\" content=\"https:\/\/www.facebook.com\/FrisMakelaarsAmsterdam\" \/>\n<meta property=\"article:modified_time\" content=\"2024-03-01T14:45:22+00:00\" \/>\n<meta name=\"twitter:card\" content=\"summary_large_image\" \/>\n<meta name=\"twitter:site\" content=\"@FRISRealPeople\" \/>\n<script type=\"application\/ld+json\" class=\"yoast-schema-graph\">{\"@context\":\"https:\\\/\\\/schema.org\",\"@graph\":[{\"@type\":\"WebPage\",\"@id\":\"https:\\\/\\\/fris.nl\\\/de\\\/gewerbliche-immobilie\\\/vermietung-meiner-geschaeftsimmobilie\\\/\",\"url\":\"https:\\\/\\\/fris.nl\\\/de\\\/gewerbliche-immobilie\\\/vermietung-meiner-geschaeftsimmobilie\\\/\",\"name\":\"Vermietung meiner Gesch\u00e4ftsimmobilie - Fris Real People\",\"isPartOf\":{\"@id\":\"https:\\\/\\\/fris.nl\\\/de\\\/#website\"},\"datePublished\":\"2023-04-20T10:18:37+00:00\",\"dateModified\":\"2024-03-01T14:45:22+00:00\",\"breadcrumb\":{\"@id\":\"https:\\\/\\\/fris.nl\\\/de\\\/gewerbliche-immobilie\\\/vermietung-meiner-geschaeftsimmobilie\\\/#breadcrumb\"},\"inLanguage\":\"de\",\"potentialAction\":[{\"@type\":\"ReadAction\",\"target\":[\"https:\\\/\\\/fris.nl\\\/de\\\/gewerbliche-immobilie\\\/vermietung-meiner-geschaeftsimmobilie\\\/\"]}]},{\"@type\":\"BreadcrumbList\",\"@id\":\"https:\\\/\\\/fris.nl\\\/de\\\/gewerbliche-immobilie\\\/vermietung-meiner-geschaeftsimmobilie\\\/#breadcrumb\",\"itemListElement\":[{\"@type\":\"ListItem\",\"position\":1,\"name\":\"Home\",\"item\":\"https:\\\/\\\/fris.nl\\\/de\\\/\"},{\"@type\":\"ListItem\",\"position\":2,\"name\":\"Gewerbliche Immobilie\",\"item\":\"https:\\\/\\\/fris.nl\\\/de\\\/gewerbliche-immobilie\\\/\"},{\"@type\":\"ListItem\",\"position\":3,\"name\":\"Vermietung meiner Gesch\u00e4ftsimmobilie\"}]},{\"@type\":\"WebSite\",\"@id\":\"https:\\\/\\\/fris.nl\\\/de\\\/#website\",\"url\":\"https:\\\/\\\/fris.nl\\\/de\\\/\",\"name\":\"Fris Real People\",\"description\":\"\",\"potentialAction\":[{\"@type\":\"SearchAction\",\"target\":{\"@type\":\"EntryPoint\",\"urlTemplate\":\"https:\\\/\\\/fris.nl\\\/de\\\/?s={search_term_string}\"},\"query-input\":{\"@type\":\"PropertyValueSpecification\",\"valueRequired\":true,\"valueName\":\"search_term_string\"}}],\"inLanguage\":\"de\"}]}<\/script>\n<!-- \/ Yoast SEO plugin. -->","yoast_head_json":{"title":"Vermietung meiner Gesch\u00e4ftsimmobilie - Fris Real People","robots":{"index":"index","follow":"follow","max-snippet":"max-snippet:-1","max-image-preview":"max-image-preview:large","max-video-preview":"max-video-preview:-1"},"canonical":"https:\/\/fris.nl\/de\/gewerbliche-immobilie\/vermietung-meiner-geschaeftsimmobilie\/","og_locale":"de_DE","og_type":"article","og_title":"Vermietung meiner Gesch\u00e4ftsimmobilie - Fris Real People","og_url":"https:\/\/fris.nl\/de\/gewerbliche-immobilie\/vermietung-meiner-geschaeftsimmobilie\/","og_site_name":"Fris Real People","article_publisher":"https:\/\/www.facebook.com\/FrisMakelaarsAmsterdam","article_modified_time":"2024-03-01T14:45:22+00:00","twitter_card":"summary_large_image","twitter_site":"@FRISRealPeople","schema":{"@context":"https:\/\/schema.org","@graph":[{"@type":"WebPage","@id":"https:\/\/fris.nl\/de\/gewerbliche-immobilie\/vermietung-meiner-geschaeftsimmobilie\/","url":"https:\/\/fris.nl\/de\/gewerbliche-immobilie\/vermietung-meiner-geschaeftsimmobilie\/","name":"Vermietung meiner Gesch\u00e4ftsimmobilie - Fris Real People","isPartOf":{"@id":"https:\/\/fris.nl\/de\/#website"},"datePublished":"2023-04-20T10:18:37+00:00","dateModified":"2024-03-01T14:45:22+00:00","breadcrumb":{"@id":"https:\/\/fris.nl\/de\/gewerbliche-immobilie\/vermietung-meiner-geschaeftsimmobilie\/#breadcrumb"},"inLanguage":"de","potentialAction":[{"@type":"ReadAction","target":["https:\/\/fris.nl\/de\/gewerbliche-immobilie\/vermietung-meiner-geschaeftsimmobilie\/"]}]},{"@type":"BreadcrumbList","@id":"https:\/\/fris.nl\/de\/gewerbliche-immobilie\/vermietung-meiner-geschaeftsimmobilie\/#breadcrumb","itemListElement":[{"@type":"ListItem","position":1,"name":"Home","item":"https:\/\/fris.nl\/de\/"},{"@type":"ListItem","position":2,"name":"Gewerbliche Immobilie","item":"https:\/\/fris.nl\/de\/gewerbliche-immobilie\/"},{"@type":"ListItem","position":3,"name":"Vermietung meiner Gesch\u00e4ftsimmobilie"}]},{"@type":"WebSite","@id":"https:\/\/fris.nl\/de\/#website","url":"https:\/\/fris.nl\/de\/","name":"Fris Real People","description":"","potentialAction":[{"@type":"SearchAction","target":{"@type":"EntryPoint","urlTemplate":"https:\/\/fris.nl\/de\/?s={search_term_string}"},"query-input":{"@type":"PropertyValueSpecification","valueRequired":true,"valueName":"search_term_string"}}],"inLanguage":"de"}]}},"_links":{"self":[{"href":"https:\/\/fris.nl\/de\/wp-json\/wp\/v2\/pages\/12352","targetHints":{"allow":["GET"]}}],"collection":[{"href":"https:\/\/fris.nl\/de\/wp-json\/wp\/v2\/pages"}],"about":[{"href":"https:\/\/fris.nl\/de\/wp-json\/wp\/v2\/types\/page"}],"author":[{"embeddable":true,"href":"https:\/\/fris.nl\/de\/wp-json\/wp\/v2\/users\/1"}],"replies":[{"embeddable":true,"href":"https:\/\/fris.nl\/de\/wp-json\/wp\/v2\/comments?post=12352"}],"version-history":[{"count":6,"href":"https:\/\/fris.nl\/de\/wp-json\/wp\/v2\/pages\/12352\/revisions"}],"predecessor-version":[{"id":12358,"href":"https:\/\/fris.nl\/de\/wp-json\/wp\/v2\/pages\/12352\/revisions\/12358"}],"up":[{"embeddable":true,"href":"https:\/\/fris.nl\/de\/wp-json\/wp\/v2\/pages\/12281"}],"wp:attachment":[{"href":"https:\/\/fris.nl\/de\/wp-json\/wp\/v2\/media?parent=12352"}],"curies":[{"name":"wp","href":"https:\/\/api.w.org\/{rel}","templated":true}]}}