{"id":12317,"date":"2023-04-20T10:18:23","date_gmt":"2023-04-20T08:18:23","guid":{"rendered":"https:\/\/fris.nl\/?page_id=12317"},"modified":"2024-03-01T15:47:28","modified_gmt":"2024-03-01T14:47:28","slug":"meine-immobilie-versichern","status":"publish","type":"page","link":"https:\/\/fris.nl\/de\/unsere-dienstleistungen\/meine-immobilie-versichern\/","title":{"rendered":"Meine Immobilie Versichern"},"content":{"rendered":"<section class=\"section half-hero red dark visible\">\n    <div class=\"bg section-bg fill bg-fill bg-loaded\" style=\"background-image: url('https:\/\/fris.nl\/wp-content\/uploads\/2023\/04\/stock_Verzekeringen20210412-Fris-38-scaled.jpg'); background-position: 0% 54% !important;\"><\/div>\n    <div class=\"section-content relative\">\n        <div class=\"row\" id=\"row-1299773279\">\n            <div class=\"col medium-12 small-12 large-12 image-col\" style=\"background-image: url('https:\/\/fris.nl\/wp-content\/uploads\/2023\/04\/stock_Verzekeringen20210412-Fris-38-scaled.jpg');\"><\/div>\n            \n\t<div id=\"col-428986545\" class=\"col contentarea medium-12 small-12 large-4\"  data-animate=\"fadeInUp\">\n\t\t\t\t<div class=\"col-inner\"  >\n\t\t\t\n\t\t\t\n                <div class=\"col-inner\">\n                    <div id=\"gap-866866620\" class=\"gap-element clearfix\" style=\"display:block; height:auto; padding-top: 40px;\"><\/div>\n                    <h1>Meine <span style=\"text-decoration: underline;\">Immobilie<\/span> Versichern<\/h1>\n                    <content><\/content>\n                    \n\n                    <ul class=\"jumptoitems\"><\/ul>\n                <\/div>\n            \t\t<\/div>\n\t\t\t\t\t<\/div>\n\n\t\n        <\/div>\n    <\/div>\n<\/section>\n<div class=\"gap-element clearfix hide-for-medium\" style=\"display:block; height:auto; padding-top: 50px;\"><\/div>\n<span class=\"scroll-to\" data-label=\"Scroll to: #Spezialist-f\u00fcr-Versicherungen-seit-1923\" data-bullet=\"false\" data-link=\"#Spezialist-f\u00fcr-Versicherungen-seit-1923\" data-title=\"Spezialist f\u00fcr Versicherungen seit 1923\"><a name=\"Spezialist-f\u00fcr-Versicherungen-seit-1923\"><\/a><\/span><section class=\"section image-text image-text-right red visible\">\n    <div class=\"bg section-bg fill bg-fill bg-loaded\">\n    <\/div>\n    <div class=\"section-content relative\">        \n        <div class=\"row row-large align-center align-middle\">\n            <div id=\"col-2\" class=\"col medium-12 small-10 large-6 medium-col-first\">\n                <div class=\"col-inner\">\n                    <div class=\"img has-hover x md-x lg-x y md-y lg-y\" style=\"width: 100%;\">\n                        <div class=\"img-inner radius dark\">\n                            <img loading=\"lazy\" decoding=\"async\" width=\"1020\" height=\"680\" src=\"https:\/\/fris.nl\/wp-content\/uploads\/2023\/04\/profiel-Team-Verzekeringen-Groot-1024x683.jpg\" class=\"attachment-large size-large\" alt=\"Spezialist f\u00fcr Versicherungen seit 1923\" title=\"Spezialist f\u00fcr Versicherungen seit 1923\" srcset=\"https:\/\/fris.nl\/wp-content\/uploads\/2023\/04\/profiel-Team-Verzekeringen-Groot-1024x683.jpg 1024w, https:\/\/fris.nl\/wp-content\/uploads\/2023\/04\/profiel-Team-Verzekeringen-Groot-300x200.jpg 300w, https:\/\/fris.nl\/wp-content\/uploads\/2023\/04\/profiel-Team-Verzekeringen-Groot-768x512.jpg 768w, https:\/\/fris.nl\/wp-content\/uploads\/2023\/04\/profiel-Team-Verzekeringen-Groot.jpg 1280w\" sizes=\"auto, (max-width: 1020px) 100vw, 1020px\" \/>\n                        <\/div>\n                    <\/div>\n                <\/div>\n            <\/div> \n            <div class=\"col text-col medium-12 small-12 large-6\">\n                <div class=\"col-inner\">\n                    <h3 title=\"Spezialist f\u00fcr Versicherungen seit 1923\">Spezialist f\u00fcr Versicherungen seit 1923<\/h3>\n                    \n<p>Von der Versicherung von H\u00e4usern, Wohnanlagen mit Wohnungseigent\u00fcmergemeinschaften bis hin zu Gro\u00dfimmobilien: Wir bieten f\u00fcr alle unsere Kunden ma\u00dfgeschneiderte Versicherungspakete. Die Paketrabatte betragen bis zu 10 %. Sie sind bereits versichert, aber interessiert an m\u00f6glichen besseren Alternativen? Dann f\u00fchren wir gerne eine Pr\u00fcfung durch. So k\u00f6nnen Sie Ihre Immobilien pr\u00fcfen, verwalten und sofort versichern lassen: ganz einfach und g\u00fcnstig.<\/p>\n\n                    \n                <\/div>\n            <\/div>       \n        <\/div>\n        <div class=\"gap-element clearfix hide-for-medium\" style=\"display:block; height:auto; padding-top: 30px;\"><\/div>\n    <\/div>\n<\/section>\n<span class=\"scroll-to\" data-label=\"Scroll to: #Das-FRIS-paket-f\u00fcr-Ihr-zuhause\" data-bullet=\"false\" data-link=\"#Das-FRIS-paket-f\u00fcr-Ihr-zuhause\" data-title=\"Das FRIS paket f\u00fcr Ihr zuhause\"><a name=\"Das-FRIS-paket-f\u00fcr-Ihr-zuhause\"><\/a><\/span><section class=\"section single-text  blue visible dark-1\">\n    <div class=\"bg section-bg fill bg-fill bg-loaded\">\n    <\/div>\n    <div class=\"section-content relative\">\n        <div class=\"gap-element clearfix hide-for-medium\" style=\"display:block; height:auto; padding-top: 50px;\"><\/div>\n        <div class=\"row row-large align-center align-middle\">\n            <div class=\"col text-col medium-12 small-12 large-9 text-center\">\n                <div class=\"col-inner\">\n                    <h2 title=\"DAS FRIS PAKET F\u00dcR IHR ZUHAUSE\" class=\"text-center\">DAS FRIS PAKET F\u00dcR IHR ZUHAUSE<\/h2>\n<p>M\u00f6chten Sie attraktive Vorteile nutzen? Dann ist es sinnvoll, Geb\u00e4ude, Hausrat und Haftpflicht bei einer Versicherungsgesellschaft zu versichern. Zus\u00e4tzlich zu diesen Versicherungen k\u00f6nnen wir Ihr Auto, Boot, Wohnwagen, permanente Reiseversicherung und Rechtsbeistand auch direkt versichern. So k\u00f6nnen Sie sicher sein, dass Sie richtig versichert sind, und das erspart Ihnen viele Sorgen.<\/p>\n\n                <\/div>\n            <\/div>     \n        <\/div>\n        <div class=\"gap-element clearfix hide-for-medium\" style=\"display:block; height:auto; padding-top: 30px;\"><\/div>\n    <\/div>\n<\/section>\n<div class=\"gap-element clearfix hide-for-medium\" style=\"display:block; height:auto; padding-top: 50px;\"><\/div>\n<span class=\"scroll-to\" data-label=\"Scroll to: #Das-FRIS-Paket-f\u00fcr-Ihre-Immobilie\" data-bullet=\"false\" data-link=\"#Das-FRIS-Paket-f\u00fcr-Ihre-Immobilie\" data-title=\"Das FRIS Paket f\u00fcr Ihre Immobilie\"><a name=\"Das-FRIS-Paket-f\u00fcr-Ihre-Immobilie\"><\/a><\/span><section class=\"section image-text image-text-left red visible\">\n    <div class=\"bg section-bg fill bg-fill bg-loaded\">\n    <\/div>\n    <div class=\"section-content relative\">\n        <div class=\"row row-large align-center align-middle\">\n            <div class=\"col text-col medium-12 small-12 large-6\">\n                <div class=\"col-inner\">\n                    <h3 title=\"Das FRIS Paket f\u00fcr Ihre Immobilie\">Das FRIS Paket f\u00fcr Ihre Immobilie<\/h3>\n                    \n<p>Sie k\u00f6nnen uns auch in komplexen Situationen kontaktieren, etwa bei der Anpassung Ihrer Versicherung und bei gro\u00dfen Immobilien. Wir schauen und denken mit: Welche Risiken gibt es, was k\u00f6nnen Sie selbst tragen und was m\u00fcssen Sie absichern? Gemeinsam schn\u00fcren wir ein ma\u00dfgeschneidertes Paket, das wir geeigneten Versicherern vorlegen. Basierend auf Ihrer Situation w\u00e4hlen wir eine passende Versicherung mit den besten Konditionen und Pr\u00e4mien.<\/p>\n\n                    \n                <\/div>\n            <\/div>\n            <div id=\"col-2\" class=\"col medium-12 small-10 large-6 medium-col-first\">\n                <div class=\"col-inner\">\n                    <div class=\"img has-hover x md-x lg-x y md-y lg-y\" style=\"width: 100%;\">\n                        <div class=\"img-inner radius dark\">\n                            <img loading=\"lazy\" decoding=\"async\" width=\"1020\" height=\"680\" src=\"https:\/\/fris.nl\/wp-content\/uploads\/2023\/04\/stock_Verzekeringen20210412-Fris-51-scaled-1024x683.jpg\" class=\"attachment-large size-large\" alt=\"Das FRIS Paket f\u00fcr Ihre Immobilie\" title=\"Das FRIS Paket f\u00fcr Ihre Immobilie\" srcset=\"https:\/\/fris.nl\/wp-content\/uploads\/2023\/04\/stock_Verzekeringen20210412-Fris-51-scaled-1024x683.jpg 1024w, https:\/\/fris.nl\/wp-content\/uploads\/2023\/04\/stock_Verzekeringen20210412-Fris-51-scaled-300x200.jpg 300w, https:\/\/fris.nl\/wp-content\/uploads\/2023\/04\/stock_Verzekeringen20210412-Fris-51-scaled-768x512.jpg 768w, https:\/\/fris.nl\/wp-content\/uploads\/2023\/04\/stock_Verzekeringen20210412-Fris-51-scaled-1536x1024.jpg 1536w, https:\/\/fris.nl\/wp-content\/uploads\/2023\/04\/stock_Verzekeringen20210412-Fris-51-scaled-2048x1366.jpg 2048w\" sizes=\"auto, (max-width: 1020px) 100vw, 1020px\" \/>\n                        <\/div>\n                    <\/div>\n                <\/div>\n            <\/div>        \n        <\/div>\n        <div class=\"gap-element clearfix hide-for-medium\" style=\"display:block; height:auto; padding-top: 30px;\"><\/div>\n    <\/div>\n<\/section>\n<span class=\"scroll-to\" data-label=\"Scroll to: #FRIS-Paket-f\u00fcr-Eigent\u00fcmergemeinschaften\" data-bullet=\"false\" data-link=\"#FRIS-Paket-f\u00fcr-Eigent\u00fcmergemeinschaften\" data-title=\"FRIS Paket f\u00fcr Eigent\u00fcmergemeinschaften\"><a name=\"FRIS-Paket-f\u00fcr-Eigent\u00fcmergemeinschaften\"><\/a><\/span><section class=\"section image-text image-text-right red visible\">\n    <div class=\"bg section-bg fill bg-fill bg-loaded\">\n    <\/div>\n    <div class=\"section-content relative\">        \n        <div class=\"row row-large align-center align-middle\">\n            <div id=\"col-2\" class=\"col medium-12 small-10 large-6 medium-col-first\">\n                <div class=\"col-inner\">\n                    <div class=\"img has-hover x md-x lg-x y md-y lg-y\" style=\"width: 100%;\">\n                        <div class=\"img-inner radius dark\">\n                            <img loading=\"lazy\" decoding=\"async\" width=\"1020\" height=\"680\" src=\"https:\/\/fris.nl\/wp-content\/uploads\/2023\/07\/Cora-Wiersma-1-Verzekeringen-1-1024x683.png\" class=\"attachment-large size-large\" alt=\"FRIS Paket f\u00fcr Eigent\u00fcmergemeinschaften\" title=\"FRIS Paket f\u00fcr Eigent\u00fcmergemeinschaften\" srcset=\"https:\/\/fris.nl\/wp-content\/uploads\/2023\/07\/Cora-Wiersma-1-Verzekeringen-1-1024x683.png 1024w, https:\/\/fris.nl\/wp-content\/uploads\/2023\/07\/Cora-Wiersma-1-Verzekeringen-1-300x200.png 300w, https:\/\/fris.nl\/wp-content\/uploads\/2023\/07\/Cora-Wiersma-1-Verzekeringen-1-768x512.png 768w, https:\/\/fris.nl\/wp-content\/uploads\/2023\/07\/Cora-Wiersma-1-Verzekeringen-1.png 1280w\" sizes=\"auto, (max-width: 1020px) 100vw, 1020px\" \/>\n                        <\/div>\n                    <\/div>\n                <\/div>\n            <\/div> \n            <div class=\"col text-col medium-12 small-12 large-6\">\n                <div class=\"col-inner\">\n                    <h3 title=\"FRIS Paket f\u00fcr Eigent\u00fcmergemeinschaften\">FRIS Paket f\u00fcr Eigent\u00fcmergemeinschaften<\/h3>\n                    \n<p>Sind Sie Gesch\u00e4ftsf\u00fchrer einer Wohnungseigent\u00fcmergemeinschaft? Dann sind Sie verpflichtet, eine Haftpflichtversicherung und eine Geb\u00e4udeversicherung abzuschlie\u00dfen. So bleibt Ihr Privatverm\u00f6gen au\u00dfen vor. Neben dem Abschluss der g\u00fcnstigsten Versicherungen bieten wir Ihnen Beratung zu versicherbaren Risiken, Pr\u00e4vention und Begleitung im Schadensfall. Wenn Sie Eigent\u00fcmer einer Wohnung sind, die einer Wohnungseigent\u00fcmergemeinschaft unterliegt, ist es sinnvoll, zumindest eine Hausratversicherung und eine Sanierungsversicherung abzuschlie\u00dfen. Gerne w\u00fcrden wir uns mit Ihnen austauschen.<\/p>\n\n                    \n                <\/div>\n            <\/div>       \n        <\/div>\n        <div class=\"gap-element clearfix hide-for-medium\" style=\"display:block; height:auto; padding-top: 30px;\"><\/div>\n    <\/div>\n<\/section>\n<section class=\"section focus-section red visible light-2\">\n    <div class=\"bg section-bg fill bg-fill bg-loaded\">\n    <\/div>\n    <div class=\"section-content relative\">\n        <div class=\"gap-element clearfix\" style=\"display:block; height:auto; padding-top: 80px;\"><\/div>\n        <div class=\"row align-center\">\n            <div class=\"col medium-10 small-12 large-10\">\n                <div class=\"col-inner\">\n                    <div class=\"text\" style=\"text-align: center;\">\n                        <h2> VORTEILE EINER VERSICHERUNG \u00dcBER FRIS<\/h2>\n                    <\/div>\n                <\/div>\n            <\/div>\n        <\/div>\n        <div class=\"gap-element clearfix\" style=\"display:block; height:auto; padding-top: 30px;\"><\/div>\n        <div class=\"row align-left focus-items\" id=\"row-920137982\">\n            <content><\/content>\n            \n<div class=\"col medium-6 small-12 large-3  visible {{ shortcode.options.visibility }}\">\n    <div class=\"col-inner\">\n        <div class=\"text\">\n            \n            <h3> Ma\u00dfgeschneiderte Versicherung<\/h3>\n            \n<p>\u00a0Alle ma\u00dfgeschneiderten Versicherungspolicen aus einer Hand<\/p>\n\n            \n        <\/div>\n\n    <\/div>\n<\/div>\n<div class=\"col medium-6 small-12 large-3  visible {{ shortcode.options.visibility }}\">\n    <div class=\"col-inner\">\n        <div class=\"text\">\n            \n            <h3> G\u00fcnstige Preise<\/h3>\n            \n<p>Ausgezeichnete Bedingungen und ein g\u00fcnstiger Preis<\/p>\n\n            \n        <\/div>\n\n    <\/div>\n<\/div>\n<div class=\"col medium-6 small-12 large-4  visible {{ shortcode.options.visibility }}\">\n    <div class=\"col-inner\">\n        <div class=\"text\">\n            \n            <h3> Paketrabatte<\/h3>\n            \n<p>Paketrabatte: Je mehr Versicherungen, desto h\u00f6her der Rabatt<\/p>\n\n            \n        <\/div>\n\n    <\/div>\n<\/div>\n<div class=\"col medium-6 small-12 large-3  visible {{ shortcode.options.visibility }}\">\n    <div class=\"col-inner\">\n        <div class=\"text\">\n            \n            <h3> In Teilbetr\u00e4gen bezahlen<\/h3>\n            \n<p>In Teilbetr\u00e4gen bezahlen ohne Mehrkosten<\/p>\n\n            \n        <\/div>\n\n    <\/div>\n<\/div>\n<div class=\"col medium-6 small-12 large-3  visible {{ shortcode.options.visibility }}\">\n    <div class=\"col-inner\">\n        <div class=\"text\">\n            \n            <h3> Langj\u00e4hrige Erfahrung<\/h3>\n            \n<p>Mehr als 100 Jahre Erfahrung im Versicherungsbereich<\/p>\n\n            \n        <\/div>\n\n    <\/div>\n<\/div>\n\n        <\/div>\n        <div class=\"gap-element clearfix\" style=\"display:block; height:auto; padding-top: 50px;\"><\/div>\n    <\/div>\n<\/section>\n<div class=\"gap-element clearfix hide-for-medium\" style=\"display:block; height:auto; padding-top: 50px;\"><\/div>\n<span class=\"scroll-to\" data-label=\"Scroll to: #Unabh\u00e4ngiger-Versicherungsberater\" data-bullet=\"false\" data-link=\"#Unabh\u00e4ngiger-Versicherungsberater\" data-title=\"Unabh\u00e4ngiger Versicherungsberater\"><a name=\"Unabh\u00e4ngiger-Versicherungsberater\"><\/a><\/span><section class=\"section image-text image-text-left red visible\">\n    <div class=\"bg section-bg fill bg-fill bg-loaded\">\n    <\/div>\n    <div class=\"section-content relative\">\n        <div class=\"row row-large align-center align-middle\">\n            <div class=\"col text-col medium-12 small-12 large-6\">\n                <div class=\"col-inner\">\n                    <h3 title=\"Unabh\u00e4ngiger Versicherungsberater\">Unabh\u00e4ngiger Versicherungsberater<\/h3>\n                    \n<p>Oft wird davon ausgegangen, dass man bei einem Vermittler mehr bezahlt, aber das ist hier nicht der Fall. Als unabh\u00e4ngiger Berater arbeiten wir mit mehreren Versicherungsgesellschaften zusammen. Auf diese Weise k\u00f6nnen Sie die am besten geeignete und g\u00fcnstigste Versicherung ausw\u00e4hlen. F\u00fcr uns geht es nicht um den Abschluss von Versicherungen, sondern um den Aufbau von Beziehungen.<\/p>\n\n                    \n                <\/div>\n            <\/div>\n            <div id=\"col-2\" class=\"col medium-12 small-10 large-6 medium-col-first\">\n                <div class=\"col-inner\">\n                    <div class=\"img has-hover x md-x lg-x y md-y lg-y\" style=\"width: 100%;\">\n                        <div class=\"img-inner radius dark\">\n                            <img loading=\"lazy\" decoding=\"async\" width=\"1020\" height=\"680\" src=\"https:\/\/fris.nl\/wp-content\/uploads\/2023\/04\/stock_verzekeringen20210412-Fris-42-LR-scaled-1024x683.jpg\" class=\"attachment-large size-large\" alt=\"Unabh\u00e4ngiger Versicherungsberater\" title=\"Unabh\u00e4ngiger Versicherungsberater\" srcset=\"https:\/\/fris.nl\/wp-content\/uploads\/2023\/04\/stock_verzekeringen20210412-Fris-42-LR-scaled-1024x683.jpg 1024w, https:\/\/fris.nl\/wp-content\/uploads\/2023\/04\/stock_verzekeringen20210412-Fris-42-LR-scaled-300x200.jpg 300w, https:\/\/fris.nl\/wp-content\/uploads\/2023\/04\/stock_verzekeringen20210412-Fris-42-LR-scaled-768x512.jpg 768w, https:\/\/fris.nl\/wp-content\/uploads\/2023\/04\/stock_verzekeringen20210412-Fris-42-LR-scaled-1536x1024.jpg 1536w, https:\/\/fris.nl\/wp-content\/uploads\/2023\/04\/stock_verzekeringen20210412-Fris-42-LR-scaled-2048x1366.jpg 2048w\" sizes=\"auto, (max-width: 1020px) 100vw, 1020px\" \/>\n                        <\/div>\n                    <\/div>\n                <\/div>\n            <\/div>        \n        <\/div>\n        <div class=\"gap-element clearfix hide-for-medium\" style=\"display:block; height:auto; padding-top: 30px;\"><\/div>\n    <\/div>\n<\/section>\n<section class=\"section cta-1 blue dark visible nolines\">\n    <div class=\"bg section-bg fill bg-fill bg-loaded\" style=\"background-image: url('https:\/\/fris.nl\/wp-content\/uploads\/2023\/04\/profiel-Hein-IJzer-Groot.jpg'); background-position: 0% 25% !important;\"><\/div>\n    <div class=\"section-content relative\">\n        <div class=\"row\" id=\"row-1299773279\">\n            <div class=\"col medium-12 small-12 large-12 image-col\" style=\"background-image: url('https:\/\/fris.nl\/wp-content\/uploads\/2023\/04\/profiel-Hein-IJzer-Groot.jpg');\"><\/div>\n            <div class=\"col medium-12 small-12 large-4 content-col\">\n                <div class=\"col-inner\">\n                    <div id=\"gap-866866620\" class=\"gap-element clearfix\" style=\"display:block; height:auto; padding-top: 40px;\"><\/div>\n                    <h2>Hein&nbsp;IJzer <span style=\"text-decoration: underline;\">IMMER<\/span> F\u00dcR SIE DA<\/h2>\n                    <content><\/content>\n                    \n\n                    <a href=\"mailto:h.ijzer@fris.nl\" target=\"_blank\" class=\"button primary\" rel=\"noopener\" >\n\t\t<span>kontakt<\/span>\n\t<\/a>\n\n                <\/div>\n            <\/div>\n        <\/div>\n    <\/div>\n<\/section>\n\t<div id=\"gap-1494098483\" class=\"gap-element clearfix\" style=\"display:block; height:auto;\">\n\t\t\n<style>\n#gap-1494098483 {\n  padding-top: 100px;\n}\n<\/style>\n\t<\/div>\n\t\n<span class=\"scroll-to\" data-label=\"Scroll to: #Schaden-melden\" data-bullet=\"false\" data-link=\"#Schaden-melden\" data-title=\"Schaden melden\"><a name=\"Schaden-melden\"><\/a><\/span><section class=\"section image-text image-text-right red visible\">\n    <div class=\"bg section-bg fill bg-fill bg-loaded\">\n    <\/div>\n    <div class=\"section-content relative\">        \n        <div class=\"row row-large align-center align-middle\">\n            <div id=\"col-2\" class=\"col medium-12 small-10 large-6 medium-col-first\">\n                <div class=\"col-inner\">\n                    <div class=\"img has-hover x md-x lg-x y md-y lg-y\" style=\"width: 100%;\">\n                        <div class=\"img-inner radius dark\">\n                            <img loading=\"lazy\" decoding=\"async\" width=\"1020\" height=\"680\" src=\"https:\/\/fris.nl\/wp-content\/uploads\/2023\/07\/J9A8722-receptie-1024x683.jpeg\" class=\"attachment-large size-large\" alt=\"Schaden melden\" title=\"Schaden melden\" srcset=\"https:\/\/fris.nl\/wp-content\/uploads\/2023\/07\/J9A8722-receptie-1024x683.jpeg 1024w, https:\/\/fris.nl\/wp-content\/uploads\/2023\/07\/J9A8722-receptie-300x200.jpeg 300w, https:\/\/fris.nl\/wp-content\/uploads\/2023\/07\/J9A8722-receptie-768x512.jpeg 768w, https:\/\/fris.nl\/wp-content\/uploads\/2023\/07\/J9A8722-receptie.jpeg 1400w\" sizes=\"auto, (max-width: 1020px) 100vw, 1020px\" \/>\n                        <\/div>\n                    <\/div>\n                <\/div>\n            <\/div> \n            <div class=\"col text-col medium-12 small-12 large-6\">\n                <div class=\"col-inner\">\n                    <h3 title=\"Schaden melden\">Schaden melden<\/h3>\n                    \n<p>Sie m\u00f6chten Sch\u00e4den an Ihrem Wohn- oder B\u00fcrokomplex melden? Wir pr\u00fcfen dann umgehend, wie Sie versichert sind. Ein Anruf unter +31(0)20 \u2013 301 77 44 gen\u00fcgt, um Ihnen weiterzuhelfen. Da es in unserer Organisation fast keine Fluktuation gibt, haben Sie fast immer nur einen Ansprechpartner. Das ist sehr angenehm.<\/p>\n\n                    <a href=\"https:\/\/acrobat.adobe.com\/link\/track?uri=urn:aaid:scds:US:b08a162e-cbf2-31f4-8fff-ff678e7ff6ff\" target=\"_blank\" class=\"button primary\" rel=\"noopener\" >\n\t\t<span>schade melden<\/span>\n\t<\/a>\n\n                <\/div>\n            <\/div>       \n        <\/div>\n        <div class=\"gap-element clearfix hide-for-medium\" style=\"display:block; height:auto; padding-top: 30px;\"><\/div>\n    <\/div>\n<\/section>\n<section class=\"section single-text  blue visible light-2\">\n    <div class=\"bg section-bg fill bg-fill bg-loaded\">\n    <\/div>\n    <div class=\"section-content relative\">\n        <div class=\"gap-element clearfix hide-for-medium\" style=\"display:block; height:auto; padding-top: 50px;\"><\/div>\n        <div class=\"row row-large align-center align-middle\">\n            <div class=\"col text-col medium-12 small-12 large-9 text-center\">\n                <div class=\"col-inner\">\n                    <h2 title=\"M\u00d6CHTEN SIE MEHR \u00dcBER UNSERE VERSICHERUNGEN WISSEN?\" class=\"text-center\">M\u00d6CHTEN SIE MEHR \u00dcBER UNSERE VERSICHERUNGEN WISSEN?<\/h2>\n<a href=\"mailto:h.ijzer@fris.nl\" target=\"_blank\" class=\"button primary\" rel=\"noopener\" >\n\t\t<span>Ja gerne<\/span>\n\t<\/a>\n\n                <\/div>\n            <\/div>     \n        <\/div>\n        <div class=\"gap-element clearfix hide-for-medium removepaddingbottom\" style=\"display:block; height:auto; padding-top: 30px;\"><\/div>\n    <\/div>\n<\/section>\n<div class=\"gap-element clearfix hide-for-medium removepaddingbottom\" style=\"display:block; height:auto; padding-top: 50px;\"><\/div>\n<section class=\"section focus-section red visible\">\n    <div class=\"bg section-bg fill bg-fill bg-loaded\">\n    <\/div>\n    <div class=\"section-content relative\">\n        <div class=\"gap-element clearfix\" style=\"display:block; height:auto; padding-top: 80px;\"><\/div>\n        <div class=\"row align-center\">\n            <div class=\"col medium-10 small-12 large-10\">\n                <div class=\"col-inner\">\n                    <div class=\"text\" style=\"text-align: center;\">\n                        <h2> DOKUMENTE<\/h2>\n                    <\/div>\n                <\/div>\n            <\/div>\n        <\/div>\n        <div class=\"gap-element clearfix\" style=\"display:block; height:auto; padding-top: 30px;\"><\/div>\n        <div class=\"row align-left focus-items\" id=\"row-920137982\">\n            <content><\/content>\n            \n<div class=\"col medium-6 small-12 large-4  visible {{ shortcode.options.visibility }}\">\n    <div class=\"col-inner\">\n        <div class=\"text\">\n            \n            <h3> Service-Leitfaden<\/h3>\n            \n<p>Gerne geben wir Ihnen Einblick in unsere Arbeitsweise. Hier finden Sie unseren Service-Leitfaden. Haben Sie Fragen? Nehmen Sie dann gerne Kontakt mit uns auf.<\/p>\n\n            <a href=\"https:\/\/acrobat.adobe.com\/id\/urn:aaid:sc:US:a0451182-dd66-4fce-b341-ccad72d2dfc1\" class=\"button primary\" >\n\t\t<span>Service-Leitfaden<\/span>\n\t<\/a>\n\n        <\/div>\n\n    <\/div>\n<\/div>\n<div class=\"col medium-6 small-12 large-4  visible {{ shortcode.options.visibility }}\">\n    <div class=\"col-inner\">\n        <div class=\"text\">\n            \n            <h3> Allgemeine Gesch\u00e4ftsbedingungen<\/h3>\n            \n<p>Hier finden Sie die Allgemeinen Gesch\u00e4fts-bedingungen von FRIS Versicherungen. Haben Sie Fragen? Nehmen Sie dann gerne Kontakt mit uns auf.<\/p>\n\n            <a href=\"https:\/\/acrobat.adobe.com\/id\/urn:aaid:sc:US:899acfd1-5a3e-4cbd-b843-7044d2aff514\" class=\"button primary\" >\n\t\t<span>Allgemeine Gesch\u00e4ftsbedingungen<\/span>\n\t<\/a>\n\n        <\/div>\n\n    <\/div>\n<\/div>\n<div class=\"col medium-6 small-12 large-4  visible {{ shortcode.options.visibility }}\">\n    <div class=\"col-inner\">\n        <div class=\"text\">\n            \n            <h3> Schaden melden<\/h3>\n            \n<p>Sie m\u00f6chten einen Schaden an Ihrem Wohn- oder B\u00fcrokomplex melden? Wir pr\u00fcfen dann umgehend, wie Sie versichert sind.<\/p>\n\n            <a href=\"https:\/\/acrobat.adobe.com\/link\/track?uri=urn:aaid:scds:US:b08a162e-cbf2-31f4-8fff-ff678e7ff6ff\" class=\"button primary\" >\n\t\t<span>Schaden melden<\/span>\n\t<\/a>\n\n        <\/div>\n\n    <\/div>\n<\/div>\n\n        <\/div>\n        <div class=\"gap-element clearfix\" style=\"display:block; height:auto; padding-top: 50px;\"><\/div>\n    <\/div>\n<\/section>\n<div class=\"gap-element clearfix hide-for-medium\" style=\"display:block; height:auto; padding-top: 50px;\"><\/div>\n","protected":false},"excerpt":{"rendered":"","protected":false},"author":1,"featured_media":0,"parent":12495,"menu_order":20,"comment_status":"closed","ping_status":"closed","template":"","meta":{"_acf_changed":false,"footnotes":""},"class_list":["post-12317","page","type-page","status-publish","hentry"],"acf":[],"yoast_head":"<!-- This site is optimized with the Yoast SEO plugin v27.4 - https:\/\/yoast.com\/product\/yoast-seo-wordpress\/ -->\n<title>Meine Immobilie Versichern - Fris Real People<\/title>\n<meta name=\"robots\" content=\"index, follow, max-snippet:-1, max-image-preview:large, max-video-preview:-1\" \/>\n<link rel=\"canonical\" href=\"https:\/\/fris.nl\/de\/unsere-dienstleistungen\/meine-immobilie-versichern\/\" \/>\n<meta property=\"og:locale\" content=\"de_DE\" \/>\n<meta property=\"og:type\" content=\"article\" \/>\n<meta property=\"og:title\" content=\"Meine Immobilie Versichern - Fris Real People\" \/>\n<meta property=\"og:url\" content=\"https:\/\/fris.nl\/de\/unsere-dienstleistungen\/meine-immobilie-versichern\/\" \/>\n<meta property=\"og:site_name\" content=\"Fris Real People\" \/>\n<meta property=\"article:publisher\" content=\"https:\/\/www.facebook.com\/FrisMakelaarsAmsterdam\" \/>\n<meta property=\"article:modified_time\" content=\"2024-03-01T14:47:28+00:00\" \/>\n<meta name=\"twitter:card\" content=\"summary_large_image\" \/>\n<meta name=\"twitter:site\" content=\"@FRISRealPeople\" \/>\n<meta name=\"twitter:label1\" content=\"Gesch\u00e4tzte Lesezeit\" \/>\n\t<meta name=\"twitter:data1\" content=\"4\u00a0Minuten\" \/>\n<script type=\"application\/ld+json\" class=\"yoast-schema-graph\">{\"@context\":\"https:\\\/\\\/schema.org\",\"@graph\":[{\"@type\":\"WebPage\",\"@id\":\"https:\\\/\\\/fris.nl\\\/de\\\/unsere-dienstleistungen\\\/meine-immobilie-versichern\\\/\",\"url\":\"https:\\\/\\\/fris.nl\\\/de\\\/unsere-dienstleistungen\\\/meine-immobilie-versichern\\\/\",\"name\":\"Meine Immobilie Versichern - Fris Real People\",\"isPartOf\":{\"@id\":\"https:\\\/\\\/fris.nl\\\/de\\\/#website\"},\"datePublished\":\"2023-04-20T08:18:23+00:00\",\"dateModified\":\"2024-03-01T14:47:28+00:00\",\"breadcrumb\":{\"@id\":\"https:\\\/\\\/fris.nl\\\/de\\\/unsere-dienstleistungen\\\/meine-immobilie-versichern\\\/#breadcrumb\"},\"inLanguage\":\"de\",\"potentialAction\":[{\"@type\":\"ReadAction\",\"target\":[\"https:\\\/\\\/fris.nl\\\/de\\\/unsere-dienstleistungen\\\/meine-immobilie-versichern\\\/\"]}]},{\"@type\":\"BreadcrumbList\",\"@id\":\"https:\\\/\\\/fris.nl\\\/de\\\/unsere-dienstleistungen\\\/meine-immobilie-versichern\\\/#breadcrumb\",\"itemListElement\":[{\"@type\":\"ListItem\",\"position\":1,\"name\":\"Home\",\"item\":\"https:\\\/\\\/fris.nl\\\/de\\\/\"},{\"@type\":\"ListItem\",\"position\":2,\"name\":\"Meine Immobilie Versichern\"}]},{\"@type\":\"WebSite\",\"@id\":\"https:\\\/\\\/fris.nl\\\/de\\\/#website\",\"url\":\"https:\\\/\\\/fris.nl\\\/de\\\/\",\"name\":\"Fris Real People\",\"description\":\"\",\"potentialAction\":[{\"@type\":\"SearchAction\",\"target\":{\"@type\":\"EntryPoint\",\"urlTemplate\":\"https:\\\/\\\/fris.nl\\\/de\\\/?s={search_term_string}\"},\"query-input\":{\"@type\":\"PropertyValueSpecification\",\"valueRequired\":true,\"valueName\":\"search_term_string\"}}],\"inLanguage\":\"de\"}]}<\/script>\n<!-- \/ Yoast SEO plugin. -->","yoast_head_json":{"title":"Meine Immobilie Versichern - Fris Real People","robots":{"index":"index","follow":"follow","max-snippet":"max-snippet:-1","max-image-preview":"max-image-preview:large","max-video-preview":"max-video-preview:-1"},"canonical":"https:\/\/fris.nl\/de\/unsere-dienstleistungen\/meine-immobilie-versichern\/","og_locale":"de_DE","og_type":"article","og_title":"Meine Immobilie Versichern - Fris Real People","og_url":"https:\/\/fris.nl\/de\/unsere-dienstleistungen\/meine-immobilie-versichern\/","og_site_name":"Fris Real People","article_publisher":"https:\/\/www.facebook.com\/FrisMakelaarsAmsterdam","article_modified_time":"2024-03-01T14:47:28+00:00","twitter_card":"summary_large_image","twitter_site":"@FRISRealPeople","twitter_misc":{"Gesch\u00e4tzte Lesezeit":"4\u00a0Minuten"},"schema":{"@context":"https:\/\/schema.org","@graph":[{"@type":"WebPage","@id":"https:\/\/fris.nl\/de\/unsere-dienstleistungen\/meine-immobilie-versichern\/","url":"https:\/\/fris.nl\/de\/unsere-dienstleistungen\/meine-immobilie-versichern\/","name":"Meine Immobilie Versichern - Fris Real People","isPartOf":{"@id":"https:\/\/fris.nl\/de\/#website"},"datePublished":"2023-04-20T08:18:23+00:00","dateModified":"2024-03-01T14:47:28+00:00","breadcrumb":{"@id":"https:\/\/fris.nl\/de\/unsere-dienstleistungen\/meine-immobilie-versichern\/#breadcrumb"},"inLanguage":"de","potentialAction":[{"@type":"ReadAction","target":["https:\/\/fris.nl\/de\/unsere-dienstleistungen\/meine-immobilie-versichern\/"]}]},{"@type":"BreadcrumbList","@id":"https:\/\/fris.nl\/de\/unsere-dienstleistungen\/meine-immobilie-versichern\/#breadcrumb","itemListElement":[{"@type":"ListItem","position":1,"name":"Home","item":"https:\/\/fris.nl\/de\/"},{"@type":"ListItem","position":2,"name":"Meine Immobilie Versichern"}]},{"@type":"WebSite","@id":"https:\/\/fris.nl\/de\/#website","url":"https:\/\/fris.nl\/de\/","name":"Fris Real People","description":"","potentialAction":[{"@type":"SearchAction","target":{"@type":"EntryPoint","urlTemplate":"https:\/\/fris.nl\/de\/?s={search_term_string}"},"query-input":{"@type":"PropertyValueSpecification","valueRequired":true,"valueName":"search_term_string"}}],"inLanguage":"de"}]}},"_links":{"self":[{"href":"https:\/\/fris.nl\/de\/wp-json\/wp\/v2\/pages\/12317","targetHints":{"allow":["GET"]}}],"collection":[{"href":"https:\/\/fris.nl\/de\/wp-json\/wp\/v2\/pages"}],"about":[{"href":"https:\/\/fris.nl\/de\/wp-json\/wp\/v2\/types\/page"}],"author":[{"embeddable":true,"href":"https:\/\/fris.nl\/de\/wp-json\/wp\/v2\/users\/1"}],"replies":[{"embeddable":true,"href":"https:\/\/fris.nl\/de\/wp-json\/wp\/v2\/comments?post=12317"}],"version-history":[{"count":8,"href":"https:\/\/fris.nl\/de\/wp-json\/wp\/v2\/pages\/12317\/revisions"}],"predecessor-version":[{"id":12439,"href":"https:\/\/fris.nl\/de\/wp-json\/wp\/v2\/pages\/12317\/revisions\/12439"}],"up":[{"embeddable":true,"href":"https:\/\/fris.nl\/de\/wp-json\/wp\/v2\/pages\/12495"}],"wp:attachment":[{"href":"https:\/\/fris.nl\/de\/wp-json\/wp\/v2\/media?parent=12317"}],"curies":[{"name":"wp","href":"https:\/\/api.w.org\/{rel}","templated":true}]}}