{"id":12302,"date":"2023-04-20T10:13:24","date_gmt":"2023-04-20T08:13:24","guid":{"rendered":"https:\/\/fris.nl\/?page_id=12302"},"modified":"2024-05-14T11:07:38","modified_gmt":"2024-05-14T09:07:38","slug":"meine-gewerbliche-immobilie","status":"publish","type":"page","link":"https:\/\/fris.nl\/de\/immobilienanlage\/meine-gewerbliche-immobilie\/","title":{"rendered":"Meine Gewerbliche Immobilie"},"content":{"rendered":"<section class=\"section half-hero darkblue dark visible\">\n    <div class=\"bg section-bg fill bg-fill bg-loaded\" style=\"background-image: url('https:\/\/fris.nl\/wp-content\/uploads\/2023\/07\/J9A9760-bedrijfsmatig-scaled.jpg'); background-position: 0% 23% !important;\"><\/div>\n    <div class=\"section-content relative\">\n        <div class=\"row\" id=\"row-1299773279\">\n            <div class=\"col medium-12 small-12 large-12 image-col\" style=\"background-image: url('https:\/\/fris.nl\/wp-content\/uploads\/2023\/07\/J9A9760-bedrijfsmatig-scaled.jpg');\"><\/div>\n            \n\t<div id=\"col-1323895848\" class=\"col contentarea medium-12 small-12 large-4\"  data-animate=\"fadeInUp\">\n\t\t\t\t<div class=\"col-inner\"  >\n\t\t\t\n\t\t\t\n                <div class=\"col-inner\">\n                    <div id=\"gap-866866620\" class=\"gap-element clearfix\" style=\"display:block; height:auto; padding-top: 40px;\"><\/div>\n                    <h1>Meine <span style=\"text-decoration: underline;\">Gewerbliche<\/span> Immobilie<\/h1>\n                    <content><\/content>\n                    \n\n                    <ul class=\"jumptoitems\"><\/ul>\n                <\/div>\n            \t\t<\/div>\n\t\t\t\t\t<\/div>\n\n\t\n        <\/div>\n    <\/div>\n<\/section>\n<div class=\"gap-element clearfix hide-for-medium\" style=\"display:block; height:auto; padding-top: 50px;\"><\/div>\n<span class=\"scroll-to\" data-label=\"Scroll to: #Verkauf-meiner-Immobilie\" data-bullet=\"false\" data-link=\"#Verkauf-meiner-Immobilie\" data-title=\"Verkauf meiner Immobilie\"><a name=\"Verkauf-meiner-Immobilie\"><\/a><\/span><section class=\"section image-text image-text-right blue visible\">\n    <div class=\"bg section-bg fill bg-fill bg-loaded\">\n    <\/div>\n    <div class=\"section-content relative\">        \n        <div class=\"row row-large align-center align-middle\">\n            <div id=\"col-2\" class=\"col medium-12 small-10 large-6 medium-col-first\">\n                <div class=\"col-inner\">\n                    <div class=\"img has-hover x md-x lg-x y md-y lg-y\" style=\"width: 100%;\">\n                        <div class=\"img-inner radius dark\">\n                            <img loading=\"lazy\" decoding=\"async\" width=\"1020\" height=\"680\" src=\"https:\/\/fris.nl\/wp-content\/uploads\/2023\/07\/DSC06223-bedrijfsmatig-scaled-1024x683.jpg\" class=\"attachment-large size-large\" alt=\"Verkauf meiner Immobilie\" title=\"Verkauf meiner Immobilie\" srcset=\"https:\/\/fris.nl\/wp-content\/uploads\/2023\/07\/DSC06223-bedrijfsmatig-scaled-1024x683.jpg 1024w, https:\/\/fris.nl\/wp-content\/uploads\/2023\/07\/DSC06223-bedrijfsmatig-scaled-300x200.jpg 300w, https:\/\/fris.nl\/wp-content\/uploads\/2023\/07\/DSC06223-bedrijfsmatig-scaled-768x512.jpg 768w, https:\/\/fris.nl\/wp-content\/uploads\/2023\/07\/DSC06223-bedrijfsmatig-scaled-1536x1025.jpg 1536w, https:\/\/fris.nl\/wp-content\/uploads\/2023\/07\/DSC06223-bedrijfsmatig-scaled-2048x1366.jpg 2048w\" sizes=\"auto, (max-width: 1020px) 100vw, 1020px\" \/>\n                        <\/div>\n                    <\/div>\n                <\/div>\n            <\/div> \n            <div class=\"col text-col medium-12 small-12 large-6\">\n                <div class=\"col-inner\">\n                    <h3 title=\"Verkauf meiner Immobilie\">Verkauf meiner Immobilie<\/h3>\n                    \n<p>Sie m\u00f6chten Ihre Immobilie verkaufen? Unsere erfahrenen Spezialisten helfen Ihnen gerne weiter. Dank unserer Kenntnisse \u00fcber den lokalen Markt, der Gr\u00f6\u00dfe unserer Immobilienorganisation und unseres globalen Netzwerks greifen wir auf eine enorme Wissens- und Datenquelle zur\u00fcck. Dieser Wissensvorsprung stellt sicher, dass wir Ihre Immobilie mit gezielter Vermarktung zu einem hervorragenden Preis verkaufen k\u00f6nnen. 100 Jahre Erfahrung, das zahlt sich aus.<\/p>\n\n                    <a href=\"\/de\/verkauf-meiner-immobilie\/\" class=\"button primary\" >\n\t\t<span>MEINE IMMOBILIE VERKAUFEN<\/span>\n\t<\/a>\n\n                <\/div>\n            <\/div>       \n        <\/div>\n        <div class=\"gap-element clearfix hide-for-medium\" style=\"display:block; height:auto; padding-top: 30px;\"><\/div>\n    <\/div>\n<\/section>\n<span class=\"scroll-to\" data-label=\"Scroll to: #Vermietung-meiner-Immobilie\" data-bullet=\"false\" data-link=\"#Vermietung-meiner-Immobilie\" data-title=\"Vermietung meiner Immobilie\"><a name=\"Vermietung-meiner-Immobilie\"><\/a><\/span><section class=\"section image-text image-text-left red visible\">\n    <div class=\"bg section-bg fill bg-fill bg-loaded\">\n    <\/div>\n    <div class=\"section-content relative\">\n        <div class=\"row row-large align-center align-middle\">\n            <div class=\"col text-col medium-12 small-12 large-6\">\n                <div class=\"col-inner\">\n                    <h3 title=\"Vermietung meiner Immobilie\">Vermietung meiner Immobilie<\/h3>\n                    \n<p>Bei der Vermietung Ihrer Immobilie m\u00f6chten Sie am liebsten mit einem zuverl\u00e4ssigen und erfahrenen Partner zusammenarbeiten, oder? Ein Partner, an den Sie Ihre t\u00e4glichen Belastungen auslagern k\u00f6nnen, der f\u00fcr zufriedene Mieter sorgt und eine gute Rendite erzielt. Dann ist FRIS der richtige Partner. In den letzten 100 Jahren haben wir ein millionenschweres Portfolio aufgebaut. Wir helfen Ihnen bei Verwaltung, Bauaspekten, Werbung, Marketing und sorgen f\u00fcr eine Willkommensatmosph\u00e4re. Gemeinsam machen wir Ihre Immobilie zum Erfolg.<\/p>\n\n                    <a href=\"\/de\/vermietung-meiner-geschaeftsimmobilie\/\" class=\"button primary\" >\n\t\t<span>MEINE IMMOBILIE VERMIETEN<\/span>\n\t<\/a>\n\n                <\/div>\n            <\/div>\n            <div id=\"col-2\" class=\"col medium-12 small-10 large-6 medium-col-first\">\n                <div class=\"col-inner\">\n                    <div class=\"img has-hover x md-x lg-x y md-y lg-y\" style=\"width: 100%;\">\n                        <div class=\"img-inner radius dark\">\n                            <img loading=\"lazy\" decoding=\"async\" width=\"1020\" height=\"680\" src=\"https:\/\/fris.nl\/wp-content\/uploads\/2023\/04\/STOCK_bedrijfsmakelaarsDSC07427-LR-1024x683.jpg\" class=\"attachment-large size-large\" alt=\"Vermietung meiner Immobilie\" title=\"Vermietung meiner Immobilie\" srcset=\"https:\/\/fris.nl\/wp-content\/uploads\/2023\/04\/STOCK_bedrijfsmakelaarsDSC07427-LR-1024x683.jpg 1024w, https:\/\/fris.nl\/wp-content\/uploads\/2023\/04\/STOCK_bedrijfsmakelaarsDSC07427-LR-300x200.jpg 300w, https:\/\/fris.nl\/wp-content\/uploads\/2023\/04\/STOCK_bedrijfsmakelaarsDSC07427-LR-768x512.jpg 768w, https:\/\/fris.nl\/wp-content\/uploads\/2023\/04\/STOCK_bedrijfsmakelaarsDSC07427-LR-1536x1024.jpg 1536w, https:\/\/fris.nl\/wp-content\/uploads\/2023\/04\/STOCK_bedrijfsmakelaarsDSC07427-LR-2048x1366.jpg 2048w\" sizes=\"auto, (max-width: 1020px) 100vw, 1020px\" \/>\n                        <\/div>\n                    <\/div>\n                <\/div>\n            <\/div>        \n        <\/div>\n        <div class=\"gap-element clearfix hide-for-medium\" style=\"display:block; height:auto; padding-top: 30px;\"><\/div>\n    <\/div>\n<\/section>\n<section class=\"section single-text  blue visible light-1\">\n    <div class=\"bg section-bg fill bg-fill bg-loaded\">\n    <\/div>\n    <div class=\"section-content relative\">\n        <div class=\"gap-element clearfix hide-for-medium\" style=\"display:block; height:auto; padding-top: 50px;\"><\/div>\n        <div class=\"row row-large align-center align-middle\">\n            <div class=\"col text-col medium-12 small-12 large-9 text-center\">\n                <div class=\"col-inner\">\n                    <h2 title=\"M\u00d6CHTEN SIE IHRE IMMOBILIE VERMIETEN?\" class=\"text-center\">M\u00d6CHTEN SIE IHRE IMMOBILIE VERMIETEN?<\/h2>\n<a href=\"mailto:m.vankampen@fris.nl\" target=\"_blank\" class=\"button primary\" rel=\"noopener\" >\n\t\t<span>KONTAKTIEREN SIE UNS<\/span>\n\t<\/a>\n\n                <\/div>\n            <\/div>     \n        <\/div>\n        <div class=\"gap-element clearfix hide-for-medium\" style=\"display:block; height:auto; padding-top: 30px;\"><\/div>\n    <\/div>\n<\/section>\n<div class=\"gap-element clearfix hide-for-medium\" style=\"display:block; height:auto; padding-top: 50px;\"><\/div>\n\t<div id=\"gap-1558861146\" class=\"gap-element clearfix\" style=\"display:block; height:auto;\">\n\t\t\n<style>\n#gap-1558861146 {\n  padding-top: 30px;\n}\n<\/style>\n\t<\/div>\n\t\n<span class=\"scroll-to\" data-label=\"Scroll to: #Wohnimmobilien\" data-bullet=\"false\" data-link=\"#Wohnimmobilien\" data-title=\"Wohnimmobilien\"><a name=\"Wohnimmobilien\"><\/a><\/span><section class=\"section image-text image-text-right red visible\">\n    <div class=\"bg section-bg fill bg-fill bg-loaded\">\n    <\/div>\n    <div class=\"section-content relative\">        \n        <div class=\"row row-large align-center align-middle\">\n            <div id=\"col-2\" class=\"col medium-12 small-10 large-6 medium-col-first\">\n                <div class=\"col-inner\">\n                    <div class=\"img has-hover x md-x lg-x y md-y lg-y\" style=\"width: 100%;\">\n                        <div class=\"img-inner radius dark\">\n                            <img loading=\"lazy\" decoding=\"async\" width=\"1020\" height=\"680\" src=\"https:\/\/fris.nl\/wp-content\/uploads\/2023\/07\/J9A9818-bedrijfsmatig-1024x683.jpg\" class=\"attachment-large size-large\" alt=\"Wohnimmobilien\" title=\"Wohnimmobilien\" srcset=\"https:\/\/fris.nl\/wp-content\/uploads\/2023\/07\/J9A9818-bedrijfsmatig-1024x683.jpg 1024w, https:\/\/fris.nl\/wp-content\/uploads\/2023\/07\/J9A9818-bedrijfsmatig-300x200.jpg 300w, https:\/\/fris.nl\/wp-content\/uploads\/2023\/07\/J9A9818-bedrijfsmatig-768x512.jpg 768w, https:\/\/fris.nl\/wp-content\/uploads\/2023\/07\/J9A9818-bedrijfsmatig-1536x1024.jpg 1536w, https:\/\/fris.nl\/wp-content\/uploads\/2023\/07\/J9A9818-bedrijfsmatig-2048x1366.jpg 2048w\" sizes=\"auto, (max-width: 1020px) 100vw, 1020px\" \/>\n                        <\/div>\n                    <\/div>\n                <\/div>\n            <\/div> \n            <div class=\"col text-col medium-12 small-12 large-6\">\n                <div class=\"col-inner\">\n                    <h3 title=\"Wohnimmobilien\">Wohnimmobilien<\/h3>\n                    \n<p>Als Wohnimmobilienverwalter ist es unser Ziel, das Wohngl\u00fcck der Menschen zu optimieren. Das gesellschaftliche Ziel besteht darin, ein angenehmes Wohn- und Arbeitsumfeld zu schaffen. Unser privates Verwaltungsportfolio besteht aus rund 5.500 Wohneinheiten und macht FRIS zu einem der gr\u00f6\u00dften unabh\u00e4ngigen Immobilienverwalter in den Niederlanden. Pers\u00f6nlich, innovativ und ergebnisorientiert: Seit \u00fcber 100 Jahren.<\/p>\n\n                    <a href=\"\/de\/wohnimmobilien\/\" class=\"button primary\" >\n\t\t<span>WEITERLESEN<\/span>\n\t<\/a>\n\n                <\/div>\n            <\/div>       \n        <\/div>\n        <div class=\"gap-element clearfix hide-for-medium\" style=\"display:block; height:auto; padding-top: 30px;\"><\/div>\n    <\/div>\n<\/section>\n<span class=\"scroll-to\" data-label=\"Scroll to: #Gewerbliche-Immobilien\" data-bullet=\"false\" data-link=\"#Gewerbliche-Immobilien\" data-title=\"Gewerbliche Immobilien\"><a name=\"Gewerbliche-Immobilien\"><\/a><\/span><section class=\"section image-text image-text-left blue visible\">\n    <div class=\"bg section-bg fill bg-fill bg-loaded\">\n    <\/div>\n    <div class=\"section-content relative\">\n        <div class=\"row row-large align-center align-middle\">\n            <div class=\"col text-col medium-12 small-12 large-6\">\n                <div class=\"col-inner\">\n                    <h3 title=\"Gewerbliche Immobilien\">Gewerbliche Immobilien<\/h3>\n                    \n<p>Daf\u00fcr steht unser Familienunternehmen seit \u00fcber 100 Jahren: Ein besonders kundenorientierter Ansatz in der gewerblichen Immobilienverwaltung. Das bedeutet: Pers\u00f6nlicher Service, schnelle Kommunikation und gute Instandhaltung. Dadurch k\u00f6nnen wir nahtlos auf die Bed\u00fcrfnisse unserer Kunden eingehen. Wir tun dies haupts\u00e4chlich f\u00fcr institutionelle Anleger, Fonds, Unternehmen, Banken, professionelle Immobilieninvestoren und verm\u00f6gende Privatpersonen.<\/p>\n\n                    <a href=\"\/de\/gewerbliche-immobilien\/\" class=\"button primary\" >\n\t\t<span>WEITERLESEN<\/span>\n\t<\/a>\n\n                <\/div>\n            <\/div>\n            <div id=\"col-2\" class=\"col medium-12 small-10 large-6 medium-col-first\">\n                <div class=\"col-inner\">\n                    <div class=\"img has-hover x md-x lg-x y md-y lg-y\" style=\"width: 100%;\">\n                        <div class=\"img-inner radius dark\">\n                            <img loading=\"lazy\" decoding=\"async\" width=\"1020\" height=\"680\" src=\"https:\/\/fris.nl\/wp-content\/uploads\/2023\/04\/STOCK_bedrijfsmakelaarsDSC07816-LR-1024x683.jpg\" class=\"attachment-large size-large\" alt=\"Gewerbliche Immobilien\" title=\"Gewerbliche Immobilien\" srcset=\"https:\/\/fris.nl\/wp-content\/uploads\/2023\/04\/STOCK_bedrijfsmakelaarsDSC07816-LR-1024x683.jpg 1024w, https:\/\/fris.nl\/wp-content\/uploads\/2023\/04\/STOCK_bedrijfsmakelaarsDSC07816-LR-300x200.jpg 300w, https:\/\/fris.nl\/wp-content\/uploads\/2023\/04\/STOCK_bedrijfsmakelaarsDSC07816-LR-768x512.jpg 768w, https:\/\/fris.nl\/wp-content\/uploads\/2023\/04\/STOCK_bedrijfsmakelaarsDSC07816-LR-1536x1024.jpg 1536w, https:\/\/fris.nl\/wp-content\/uploads\/2023\/04\/STOCK_bedrijfsmakelaarsDSC07816-LR-2048x1366.jpg 2048w\" sizes=\"auto, (max-width: 1020px) 100vw, 1020px\" \/>\n                        <\/div>\n                    <\/div>\n                <\/div>\n            <\/div>        \n        <\/div>\n        <div class=\"gap-element clearfix hide-for-medium\" style=\"display:block; height:auto; padding-top: 30px;\"><\/div>\n    <\/div>\n<\/section>\n<section class=\"section cta-1 blue dark visible\">\n    <div class=\"bg section-bg fill bg-fill bg-loaded\" style=\"background-image: url('https:\/\/fris.nl\/wp-content\/uploads\/2023\/07\/Team-bedrijfsmatig-Vastgoed.png'); background-position: 0% 0% !important;\"><\/div>\n    <div class=\"section-content relative\">\n        <div class=\"row\" id=\"row-1299773279\">\n            <div class=\"col medium-12 small-12 large-12 image-col\" style=\"background-image: url('https:\/\/fris.nl\/wp-content\/uploads\/2023\/07\/Team-bedrijfsmatig-Vastgoed.png');\"><\/div>\n            <div class=\"col medium-12 small-12 large-4 content-col\">\n                <div class=\"col-inner\">\n                    <div id=\"gap-866866620\" class=\"gap-element clearfix\" style=\"display:block; height:auto; padding-top: 40px;\"><\/div>\n                    <h2>UNSER&nbsp;TEAM <span style=\"text-decoration: underline;\">IST&nbsp;F\u00dcR&nbsp;SIE&nbsp;DA<\/span><\/h2>\n                    <content><\/content>\n                    \n\n                    <a href=\"mailto:b.vanvugt@fris.nl\" target=\"_blank\" class=\"button primary\" rel=\"noopener\" >\n\t\t<span>kontakt<\/span>\n\t<\/a>\n\n                <\/div>\n            <\/div>\n        <\/div>\n    <\/div>\n<\/section>\n","protected":false},"excerpt":{"rendered":"","protected":false},"author":1,"featured_media":0,"parent":12261,"menu_order":33,"comment_status":"closed","ping_status":"closed","template":"","meta":{"_acf_changed":false,"footnotes":""},"class_list":["post-12302","page","type-page","status-publish","hentry"],"acf":[],"yoast_head":"<!-- This site is optimized with the Yoast SEO plugin v27.4 - https:\/\/yoast.com\/product\/yoast-seo-wordpress\/ -->\n<title>Meine Gewerbliche Immobilie - Fris Real People<\/title>\n<meta name=\"robots\" content=\"index, follow, max-snippet:-1, max-image-preview:large, max-video-preview:-1\" \/>\n<link rel=\"canonical\" href=\"https:\/\/fris.nl\/de\/immobilienanlage\/meine-gewerbliche-immobilie\/\" \/>\n<meta property=\"og:locale\" content=\"de_DE\" \/>\n<meta property=\"og:type\" content=\"article\" \/>\n<meta property=\"og:title\" content=\"Meine Gewerbliche Immobilie - Fris Real People\" \/>\n<meta property=\"og:url\" content=\"https:\/\/fris.nl\/de\/immobilienanlage\/meine-gewerbliche-immobilie\/\" \/>\n<meta property=\"og:site_name\" content=\"Fris Real People\" \/>\n<meta property=\"article:publisher\" content=\"https:\/\/www.facebook.com\/FrisMakelaarsAmsterdam\" \/>\n<meta property=\"article:modified_time\" content=\"2024-05-14T09:07:38+00:00\" \/>\n<meta name=\"twitter:card\" content=\"summary_large_image\" \/>\n<meta name=\"twitter:site\" content=\"@FRISRealPeople\" \/>\n<meta name=\"twitter:label1\" content=\"Gesch\u00e4tzte Lesezeit\" \/>\n\t<meta name=\"twitter:data1\" content=\"2\u00a0Minuten\" \/>\n<script type=\"application\/ld+json\" class=\"yoast-schema-graph\">{\"@context\":\"https:\\\/\\\/schema.org\",\"@graph\":[{\"@type\":\"WebPage\",\"@id\":\"https:\\\/\\\/fris.nl\\\/de\\\/immobilienanlage\\\/meine-gewerbliche-immobilie\\\/\",\"url\":\"https:\\\/\\\/fris.nl\\\/de\\\/immobilienanlage\\\/meine-gewerbliche-immobilie\\\/\",\"name\":\"Meine Gewerbliche Immobilie - Fris Real People\",\"isPartOf\":{\"@id\":\"https:\\\/\\\/fris.nl\\\/de\\\/#website\"},\"datePublished\":\"2023-04-20T08:13:24+00:00\",\"dateModified\":\"2024-05-14T09:07:38+00:00\",\"breadcrumb\":{\"@id\":\"https:\\\/\\\/fris.nl\\\/de\\\/immobilienanlage\\\/meine-gewerbliche-immobilie\\\/#breadcrumb\"},\"inLanguage\":\"de\",\"potentialAction\":[{\"@type\":\"ReadAction\",\"target\":[\"https:\\\/\\\/fris.nl\\\/de\\\/immobilienanlage\\\/meine-gewerbliche-immobilie\\\/\"]}]},{\"@type\":\"BreadcrumbList\",\"@id\":\"https:\\\/\\\/fris.nl\\\/de\\\/immobilienanlage\\\/meine-gewerbliche-immobilie\\\/#breadcrumb\",\"itemListElement\":[{\"@type\":\"ListItem\",\"position\":1,\"name\":\"Home\",\"item\":\"https:\\\/\\\/fris.nl\\\/de\\\/\"},{\"@type\":\"ListItem\",\"position\":2,\"name\":\"Immobilienanlage\",\"item\":\"https:\\\/\\\/fris.nl\\\/de\\\/immobilienanlage\\\/\"},{\"@type\":\"ListItem\",\"position\":3,\"name\":\"Meine Gewerbliche Immobilie\"}]},{\"@type\":\"WebSite\",\"@id\":\"https:\\\/\\\/fris.nl\\\/de\\\/#website\",\"url\":\"https:\\\/\\\/fris.nl\\\/de\\\/\",\"name\":\"Fris Real People\",\"description\":\"\",\"potentialAction\":[{\"@type\":\"SearchAction\",\"target\":{\"@type\":\"EntryPoint\",\"urlTemplate\":\"https:\\\/\\\/fris.nl\\\/de\\\/?s={search_term_string}\"},\"query-input\":{\"@type\":\"PropertyValueSpecification\",\"valueRequired\":true,\"valueName\":\"search_term_string\"}}],\"inLanguage\":\"de\"}]}<\/script>\n<!-- \/ Yoast SEO plugin. -->","yoast_head_json":{"title":"Meine Gewerbliche Immobilie - Fris Real People","robots":{"index":"index","follow":"follow","max-snippet":"max-snippet:-1","max-image-preview":"max-image-preview:large","max-video-preview":"max-video-preview:-1"},"canonical":"https:\/\/fris.nl\/de\/immobilienanlage\/meine-gewerbliche-immobilie\/","og_locale":"de_DE","og_type":"article","og_title":"Meine Gewerbliche Immobilie - Fris Real People","og_url":"https:\/\/fris.nl\/de\/immobilienanlage\/meine-gewerbliche-immobilie\/","og_site_name":"Fris Real People","article_publisher":"https:\/\/www.facebook.com\/FrisMakelaarsAmsterdam","article_modified_time":"2024-05-14T09:07:38+00:00","twitter_card":"summary_large_image","twitter_site":"@FRISRealPeople","twitter_misc":{"Gesch\u00e4tzte Lesezeit":"2\u00a0Minuten"},"schema":{"@context":"https:\/\/schema.org","@graph":[{"@type":"WebPage","@id":"https:\/\/fris.nl\/de\/immobilienanlage\/meine-gewerbliche-immobilie\/","url":"https:\/\/fris.nl\/de\/immobilienanlage\/meine-gewerbliche-immobilie\/","name":"Meine Gewerbliche Immobilie - Fris Real People","isPartOf":{"@id":"https:\/\/fris.nl\/de\/#website"},"datePublished":"2023-04-20T08:13:24+00:00","dateModified":"2024-05-14T09:07:38+00:00","breadcrumb":{"@id":"https:\/\/fris.nl\/de\/immobilienanlage\/meine-gewerbliche-immobilie\/#breadcrumb"},"inLanguage":"de","potentialAction":[{"@type":"ReadAction","target":["https:\/\/fris.nl\/de\/immobilienanlage\/meine-gewerbliche-immobilie\/"]}]},{"@type":"BreadcrumbList","@id":"https:\/\/fris.nl\/de\/immobilienanlage\/meine-gewerbliche-immobilie\/#breadcrumb","itemListElement":[{"@type":"ListItem","position":1,"name":"Home","item":"https:\/\/fris.nl\/de\/"},{"@type":"ListItem","position":2,"name":"Immobilienanlage","item":"https:\/\/fris.nl\/de\/immobilienanlage\/"},{"@type":"ListItem","position":3,"name":"Meine Gewerbliche Immobilie"}]},{"@type":"WebSite","@id":"https:\/\/fris.nl\/de\/#website","url":"https:\/\/fris.nl\/de\/","name":"Fris Real People","description":"","potentialAction":[{"@type":"SearchAction","target":{"@type":"EntryPoint","urlTemplate":"https:\/\/fris.nl\/de\/?s={search_term_string}"},"query-input":{"@type":"PropertyValueSpecification","valueRequired":true,"valueName":"search_term_string"}}],"inLanguage":"de"}]}},"_links":{"self":[{"href":"https:\/\/fris.nl\/de\/wp-json\/wp\/v2\/pages\/12302","targetHints":{"allow":["GET"]}}],"collection":[{"href":"https:\/\/fris.nl\/de\/wp-json\/wp\/v2\/pages"}],"about":[{"href":"https:\/\/fris.nl\/de\/wp-json\/wp\/v2\/types\/page"}],"author":[{"embeddable":true,"href":"https:\/\/fris.nl\/de\/wp-json\/wp\/v2\/users\/1"}],"replies":[{"embeddable":true,"href":"https:\/\/fris.nl\/de\/wp-json\/wp\/v2\/comments?post=12302"}],"version-history":[{"count":10,"href":"https:\/\/fris.nl\/de\/wp-json\/wp\/v2\/pages\/12302\/revisions"}],"predecessor-version":[{"id":13769,"href":"https:\/\/fris.nl\/de\/wp-json\/wp\/v2\/pages\/12302\/revisions\/13769"}],"up":[{"embeddable":true,"href":"https:\/\/fris.nl\/de\/wp-json\/wp\/v2\/pages\/12261"}],"wp:attachment":[{"href":"https:\/\/fris.nl\/de\/wp-json\/wp\/v2\/media?parent=12302"}],"curies":[{"name":"wp","href":"https:\/\/api.w.org\/{rel}","templated":true}]}}